{"id":1207,"date":"2021-10-17T16:21:24","date_gmt":"2021-10-17T16:21:24","guid":{"rendered":"https:\/\/akademiasu.org.pl\/?page_id=1207"},"modified":"2026-03-27T09:59:09","modified_gmt":"2026-03-27T09:59:09","slug":"konsultacje","status":"publish","type":"page","link":"https:\/\/akademiasu.org.pl\/?page_id=1207","title":{"rendered":"Konsultacje i debaty online"},"content":{"rendered":"\n\n\t\t\t\t<img decoding=\"async\" src=\"https:\/\/akademiasu.org.pl\/wp-content\/uploads\/2021\/11\/Zrzut_ekranu_2021-11-06_140205-removebg-preview.png\" alt=\"Zrzut_ekranu_2021-11-06_140205-removebg-preview\" itemprop=\"image\" height=\"63\" width=\"403\" title=\"Zrzut_ekranu_2021-11-06_140205-removebg-preview\" onerror=\"this.style.display='none'\" loading=\"lazy\" \/>\n\t\t\t<h1>\n\t\t\t\t\tKONSULTACJE\n\t\t\t\t<\/h1>\n\t\t\t<h1>\n\t\t\t\t\tI DEBATY ONLINE\n\t\t\t\t<\/h1>\n\t\t\t\t<img decoding=\"async\" src=\"https:\/\/akademiasu.org.pl\/wp-content\/uploads\/2021\/11\/Zrzut_ekranu_2021-11-06_140710-removebg-preview.png\" alt=\"Zrzut_ekranu_2021-11-06_140710-removebg-preview\" itemprop=\"image\" height=\"59\" width=\"391\" title=\"Zrzut_ekranu_2021-11-06_140710-removebg-preview\" onerror=\"this.style.display='none'\" loading=\"lazy\" \/>\n\t\t\t<h2>\n\t\t\t\t\tKONSULTACJE I DEBATY ONLINE\n\t\t\t\t<\/h2>\n\t\t\t<p>Projekt spotka\u0144 online z Przedstawicielami Samorz\u0105du Uczniowskiego opiera si\u0119 na cyklicznych spotkaniach, na kt\u00f3rych wsp\u00f3lnie omawiamy wybrane aspekty samorz\u0105dno\u015bci uczniowskiej. Wydarzenia kierujemy nie tylko do cz\u0142onk\u00f3w Samorz\u0105du Uczniowskiego, ale r\u00f3wnie\u017c do ich opiekun\u00f3w oraz do ka\u017cdego ucznia szko\u0142y ponadpodstawowej zaanga\u017cowanego na rzecz swojej spo\u0142eczno\u015bci uczniowskiej.<\/p>\n<p>Spotkania maj\u0105 form\u0119 otwartej dyskusji z moderatorem, ich celem jest wsp\u00f3lne zastanowienie si\u0119 nad dzia\u0142alno\u015bci\u0105 Samorz\u0105d\u00f3w Uczniowskich oraz nad tym, w jaki spos\u00f3b mo\u017cna aktywizowa\u0107 spo\u0142eczno\u015b\u0107 szkoln\u0105.<\/p>\n<h3>\n\t\t\tObecny rok\t<\/h3>\n<h5><strong>13 kwietnia 2026r.<\/strong><\/h5>\n<p>&#8222;Podebatujmy o SU &#8211; Diagnozowanie potrzeb&#8221;<\/p>\n<h3>\n\t\t\tPoprzednie lata\t<\/h3>\n\t\t\t\t<!-- Inline Block Space Fix\n\t\t\t\t\t\t\t\t\t\t\t\t\t\t\t\t\t\t\t\t\t\t\t\t-->\n\t\t\t\t\t\t\t\t\t<!-- Inline Block Space Fix\n\t\t\t\t\t\t\t\t\t\t\t\t\t\t\t\t--><!-- Inline Block Space Fix\n\t\t\t\t\t\t\t\t\t\t\t\t\t\t\t\t\t\t\t\t\t\t\t\t\t--><h3>2025<\/h3><!-- Inline Block Space Fix\n\t\t\t\t\t\t\t\t\t\t\t\t\t\t\t\t\t\t\t\t\t\t\t--><!-- Inline Block Space Fix\n\t\t\t\t\t\t\t\t\t\t--><!-- Inline Block Space Fix\n\t\t\t\t-->\n\t\t\t\t<!-- Overlay for Style 1 -->\n\t\t\t<!-- END .front -->\n\t\t\t\t\t\t\t\t\t\t\t\t\t<h3>Tematy konsultacji<\/h3>\n\t\t\t\t\t\t<h5><strong>2 pa\u017adziernika 2025r.<\/strong><\/h5><p>&#8222;Podebatujmy o SU &#8211; Wybory&#8221;<h5><strong>4 listopada 2025r.<\/strong><\/h5>&#8222;Podebatujmy o SU &#8211; Planowanie pracy i podzia\u0142 zada\u0144&#8221;<h5><strong>27 listopada 2025r.<\/strong><\/h5>&#8222;Podebatujmy o SU &#8211; Mindset ucznia: jak zadba\u0107 o psychik\u0119 i motywacj\u0119?&#8221;<\/p>\t\t\t\t\t\n\t\t\t\t<!-- Inline Block Space Fix\n\t\t\t\t\t\t\t\t\t\t\t\t\t\t\t\t\t\t\t\t\t\t\t\t-->\n\t\t\t\t\t\t\t\t\t<!-- Inline Block Space Fix\n\t\t\t\t\t\t\t\t\t\t\t\t\t\t\t\t--><!-- Inline Block Space Fix\n\t\t\t\t\t\t\t\t\t\t\t\t\t\t\t\t\t\t\t\t\t\t\t\t\t--><h3>2023<\/h3><!-- Inline Block Space Fix\n\t\t\t\t\t\t\t\t\t\t\t\t\t\t\t\t\t\t\t\t\t\t\t--><!-- Inline Block Space Fix\n\t\t\t\t\t\t\t\t\t\t--><!-- Inline Block Space Fix\n\t\t\t\t-->\n\t\t\t\t<!-- Overlay for Style 1 -->\n\t\t\t<!-- END .front -->\n\t\t\t\t\t\t\t\t\t\t\t\t\t<h3>Tematy konsultacji<\/h3>\n\t\t\t\t\t\t<h5>12 stycznia 2023r.<\/h5><p>&#8222;To nie tylko ta\u0144ce z tik tok&#8217;a &#8211; Prowadzenie Social Medi\u00f3w&#8221;<\/p>\t\t\t\t\t\n\t\t\t\t<!-- Inline Block Space Fix\n\t\t\t\t\t\t\t\t\t\t\t\t\t\t\t\t\t\t\t\t\t\t\t\t-->\n\t\t\t\t\t\t\t\t\t<!-- Inline Block Space Fix\n\t\t\t\t\t\t\t\t\t\t\t\t\t\t\t\t--><!-- Inline Block Space Fix\n\t\t\t\t\t\t\t\t\t\t\t\t\t\t\t\t\t\t\t\t\t\t\t\t\t--><h3>2022<\/h3><!-- Inline Block Space Fix\n\t\t\t\t\t\t\t\t\t\t\t\t\t\t\t\t\t\t\t\t\t\t\t--><!-- Inline Block Space Fix\n\t\t\t\t\t\t\t\t\t\t--><!-- Inline Block Space Fix\n\t\t\t\t-->\n\t\t\t\t<!-- Overlay for Style 1 -->\n\t\t\t<!-- END .front -->\n\t\t\t\t\t\t\t\t\t\t\t\t\t<h3>Tematy konsultacji<\/h3>\n\t\t\t\t\t\t<ul><li><strong>20 stycznia 2022r.<\/strong><br \/>&#8222;Kreowanie wizerunku Samorz\u0105du Uczniowskiego w social mediach&#8221;<\/li><li><strong>3 marca 2022r.<\/strong><br \/>&#8222;Sytuacja na Ukrainie a spo\u0142eczno\u015b\u0107 szkolna&#8221;<\/li><li><strong>7 kwietnia 2022r.<\/strong><br \/>&#8222;Jak prawid\u0142owo rozmawia\u0107 z dyrekcj\u0105 i nauczycielami?&#8221;<\/li><li><strong>19 maja 2022r.<\/strong><br \/>&#8222;Jak finansowa\u0107 dzia\u0142ania Samorz\u0105du Uczniowskiego z zewn\u0119trznych \u017ar\u00f3de\u0142?&#8221;<\/li><li><strong>6 pa\u017adziernika 2022r.<\/strong><br \/>&#8222;Samorz\u0105d Starter Pack &#8211; Og\u00f3lnie o samorz\u0105dzie&#8221;<\/li><li><strong>3 listopada 2022r. <\/strong>&#8222;Gdzie zawieruszy\u0142 si\u0119 przewodnicz\u0105cy? &#8211; Praca przewodnicz\u0105cego&#8221;<\/li><li><strong>1 grudnia 2022r.<\/strong> &#8222;Psze Pana, mam plan! &#8211; Rozmowy z dyrekcj\u0105 i nauczycielami&#8221;<\/li><\/ul><p>\u00a0<\/p>\t\t\t\t\t\n\t\t\t\t<!-- Inline Block Space Fix\n\t\t\t\t\t\t\t\t\t\t\t\t\t\t\t\t\t\t\t\t\t\t\t\t-->\n\t\t\t\t\t\t\t\t\t<!-- Inline Block Space Fix\n\t\t\t\t\t\t\t\t\t\t\t\t\t\t\t\t--><!-- Inline Block Space Fix\n\t\t\t\t\t\t\t\t\t\t\t\t\t\t\t\t\t\t\t\t\t\t\t\t\t--><h3>2021<\/h3><!-- Inline Block Space Fix\n\t\t\t\t\t\t\t\t\t\t\t\t\t\t\t\t\t\t\t\t\t\t\t--><!-- Inline Block Space Fix\n\t\t\t\t\t\t\t\t\t\t--><!-- Inline Block Space Fix\n\t\t\t\t-->\n\t\t\t\t<!-- Overlay for Style 1 -->\n\t\t\t<!-- END .front -->\n\t\t\t\t\t\t\t\t\t\t\t\t\t<h3>Tematy konsultacji<\/h3>\n\t\t\t\t\t\t<ul><li><h5>10 marca 2021r.<\/h5><p>&#8222;Efektywne i efektowne zebrania SU, czyli o organizacji owocnych spotka\u0144 i o ich prze\u0142o\u017ceniu na funkcjonowanie SU.&#8221;<\/p><\/li><li><strong>13 kwietnia 2021r.<\/strong>&#8222;Samorz\u0105d w spo\u0142eczno\u015bci uczniowskiej, czyli o komunikacji SU ze spo\u0142eczno\u015bci\u0105 uczniowsk\u0105 i o budowaniu solidnych struktur wewn\u0105trz szko\u0142y.&#8221;<\/li><li><strong>12 maja 2021r.<\/strong>&#8222;Jak zachowa\u0107 ci\u0105g\u0142o\u015b\u0107 SU, czyli o przekazywaniu kadencji mi\u0119dzy kolejnymi Prezydiami i o dokumentowaniu dzia\u0142a\u0144.&#8221;<\/li><li><strong>8 czerwca 2021r.<\/strong>\u201eSkuteczne planowanie roku szkolnego, czyli o pomys\u0142ach na dzia\u0142anie, wyznaczaniu cel\u00f3w i o tworzeniu plan\u00f3w ich realizacji.&#8221;<\/li><li><strong>23 wrze\u015bnia 2021r.<\/strong>\u201eJak dobrze dzia\u0142a\u0107 w Samorz\u0105dzie Uczniowskim?&#8221;<\/li><li><strong>21 pa\u017adziernika 2021r.<\/strong>,,Dzia\u0142alno\u015b\u0107 Samorz\u0105du Szkolnego w nowym roku szkolnym&#8221;<\/li><li><strong>9 grudnia 2021r.<\/strong>&#8222;Jak wykorzysta\u0107 potencja\u0142 spotka\u0144 i wsp\u00f3\u0142pracy w grupach w dzia\u0142aniach Samorz\u0105du Uczniowskiego?&#8221;<\/li><\/ul>\t\t\t\t\t\n\n\t<iframe src=\"https:\/\/www.google.com\/maps\/d\/u\/1\/embed?mid=1xiodRHZz0EnTNsKRBT-nqkm192bQHrig&amp;ehbc=2E312F\" frameborder=\"0\" allowfullscreen=\"allowfullscreen\"><\/iframe>\n<h2>\n\t\t\tJak wzi\u0105\u0107 udzia\u0142 w konsultacjach?\t<\/h2>\n\t<p>Obserwuj nasz profil na Facebooku oraz zak\u0142adk\u0119 aktualno\u015bci na naszej stronie.<\/p>\n<p>Tydzie\u0144 przed planowanymi konsultacjami tworzymy tam wydarzenie, w ramach kt\u00f3rego publikujemy link do formularza zg\u0142oszeniowego oraz szczeg\u00f3\u0142owe informacje odno\u015bnie spotka\u0144.<\/p>\n\t\t\t<a href=\"https:\/\/facebook.com\/akademia.samorzadow\/events\/\" target=\"_blank\" rel=\"noopener\">\n\t\t\t\t\t\tPRZEJD\u0179 DO PROFILU NA FACEBOOKU!\n\t\t\t\t\t<\/a>\n\t\t\t<a href=\"https:\/\/akademiasu.org.pl\/?page_id=1078\" target=\"_self\">\n\t\t\t\t\t\tPRZEJD\u0179 DO AKTUALNO\u015aCI!\n\t\t\t\t\t<\/a>\n\n","protected":false},"excerpt":{"rendered":"<p>Our Projects Adventure Water Sports Interdum exercitation penatibus, praesentium facilisi accusamus fermentum, sagittis. Snow Adventure Winter Sports Interdum exercitation penatibus, praesentium facilisi accusamus fermentum, sagittis. Forest Tours Camping Interdum exercitation penatibus, praesentium facilisi accusamus fermentum, sagittis.<\/p>\n","protected":false},"author":2,"featured_media":0,"parent":589,"menu_order":0,"comment_status":"closed","ping_status":"closed","template":"","meta":{"site-sidebar-layout":"no-sidebar","site-content-layout":"page-builder","ast-site-content-layout":"default","site-content-style":"default","site-sidebar-style":"default","ast-global-header-display":"","ast-banner-title-visibility":"","ast-main-header-display":"","ast-hfb-above-header-display":"","ast-hfb-below-header-display":"","ast-hfb-mobile-header-display":"","site-post-title":"disabled","ast-breadcrumbs-content":"","ast-featured-img":"disabled","footer-sml-layout":"","theme-transparent-header-meta":"enabled","adv-header-id-meta":"","stick-header-meta":"","header-above-stick-meta":"","header-main-stick-meta":"","header-below-stick-meta":"","astra-migrate-meta-layouts":"default","ast-page-background-enabled":"default","ast-page-background-meta":{"desktop":{"background-color":"","background-image":"","background-repeat":"repeat","background-position":"center center","background-size":"auto","background-attachment":"scroll","background-type":"","background-media":"","overlay-type":"","overlay-color":"","overlay-opacity":"","overlay-gradient":""},"tablet":{"background-color":"","background-image":"","background-repeat":"repeat","background-position":"center center","background-size":"auto","background-attachment":"scroll","background-type":"","background-media":"","overlay-type":"","overlay-color":"","overlay-opacity":"","overlay-gradient":""},"mobile":{"background-color":"","background-image":"","background-repeat":"repeat","background-position":"center center","background-size":"auto","background-attachment":"scroll","background-type":"","background-media":"","overlay-type":"","overlay-color":"","overlay-opacity":"","overlay-gradient":""}},"ast-content-background-meta":{"desktop":{"background-color":"var(--ast-global-color-5)","background-image":"","background-repeat":"repeat","background-position":"center center","background-size":"auto","background-attachment":"scroll","background-type":"","background-media":"","overlay-type":"","overlay-color":"","overlay-opacity":"","overlay-gradient":""},"tablet":{"background-color":"var(--ast-global-color-5)","background-image":"","background-repeat":"repeat","background-position":"center center","background-size":"auto","background-attachment":"scroll","background-type":"","background-media":"","overlay-type":"","overlay-color":"","overlay-opacity":"","overlay-gradient":""},"mobile":{"background-color":"var(--ast-global-color-5)","background-image":"","background-repeat":"repeat","background-position":"center center","background-size":"auto","background-attachment":"scroll","background-type":"","background-media":"","overlay-type":"","overlay-color":"","overlay-opacity":"","overlay-gradient":""}},"footnotes":""},"class_list":["post-1207","page","type-page","status-publish","hentry"],"_links":{"self":[{"href":"https:\/\/akademiasu.org.pl\/index.php?rest_route=\/wp\/v2\/pages\/1207","targetHints":{"allow":["GET"]}}],"collection":[{"href":"https:\/\/akademiasu.org.pl\/index.php?rest_route=\/wp\/v2\/pages"}],"about":[{"href":"https:\/\/akademiasu.org.pl\/index.php?rest_route=\/wp\/v2\/types\/page"}],"author":[{"embeddable":true,"href":"https:\/\/akademiasu.org.pl\/index.php?rest_route=\/wp\/v2\/users\/2"}],"replies":[{"embeddable":true,"href":"https:\/\/akademiasu.org.pl\/index.php?rest_route=%2Fwp%2Fv2%2Fcomments&post=1207"}],"version-history":[{"count":40,"href":"https:\/\/akademiasu.org.pl\/index.php?rest_route=\/wp\/v2\/pages\/1207\/revisions"}],"predecessor-version":[{"id":3038,"href":"https:\/\/akademiasu.org.pl\/index.php?rest_route=\/wp\/v2\/pages\/1207\/revisions\/3038"}],"up":[{"embeddable":true,"href":"https:\/\/akademiasu.org.pl\/index.php?rest_route=\/wp\/v2\/pages\/589"}],"wp:attachment":[{"href":"https:\/\/akademiasu.org.pl\/index.php?rest_route=%2Fwp%2Fv2%2Fmedia&parent=1207"}],"curies":[{"name":"wp","href":"https:\/\/api.w.org\/{rel}","templated":true}]}}